{"id":2,"date":"2016-05-10T03:48:21","date_gmt":"2016-05-10T03:48:21","guid":{"rendered":"http:\/\/www.melanie-vocals.de\/?page_id=2"},"modified":"2025-02-23T13:32:57","modified_gmt":"2025-02-23T13:32:57","slug":"sample-page","status":"publish","type":"page","link":"https:\/\/melanie-vocals.de\/","title":{"rendered":"HOME"},"content":{"rendered":"\n<h2 class=\"wp-block-heading has-text-align-center\">Du suchst DIE Band oder S\u00e4ngerin f\u00fcr Dein Event?<\/h2>\n\n\n\n<p><\/p>\n\n\n\n<p class=\"has-text-align-center has-medium-font-size\">Dann k\u00f6nntest Du hier f\u00fcndig werden<strong>!<\/strong><\/p>\n\n\n<div class=\"wp-block-image\">\n<figure class=\"aligncenter size-large is-resized\"><img loading=\"lazy\" decoding=\"async\" width=\"1024\" height=\"690\" src=\"http:\/\/www.melanie-vocals.de\/wp-content\/uploads\/2023\/01\/DSC_7894-1024x690.jpg\" alt=\"\" class=\"wp-image-80\" style=\"width:512px;height:345px\" srcset=\"https:\/\/melanie-vocals.de\/wp-content\/uploads\/2023\/01\/DSC_7894-1024x690.jpg 1024w, https:\/\/melanie-vocals.de\/wp-content\/uploads\/2023\/01\/DSC_7894-300x202.jpg 300w, https:\/\/melanie-vocals.de\/wp-content\/uploads\/2023\/01\/DSC_7894.jpg 1886w\" sizes=\"(max-width: 1024px) 100vw, 1024px\" \/><\/figure><\/div>\n\n\n<p><strong>\u00dcber mich:<\/strong><\/p>\n\n\n\n<div class=\"wp-block-group is-vertical is-content-justification-center is-layout-flex wp-container-core-group-is-layout-3 wp-block-group-is-layout-flex\">\n<div class=\"wp-block-group is-vertical is-layout-flex wp-container-core-group-is-layout-2 wp-block-group-is-layout-flex\">\n<div class=\"wp-block-group is-vertical is-content-justification-center is-layout-flex wp-container-core-group-is-layout-1 wp-block-group-is-layout-flex\">\n<p class=\"has-text-align-center\">In den wilden 80ern wurde ich in Th\u00fcringen geboren und bin heute wohnhaft bei Dresden.<\/p>\n\n\n\n<p class=\"has-text-align-center\">Ab dem 7. Lebensjahr wurde ich 10 Jahre lang im Fach Klavier (erst Klassik\/sp\u00e4ter Rock-Pop) ausgebildet. Als Teenager erkannte ich mein stimmliches Talent und nahm noch Gesangsunterricht (und auch Bassgitarrenunterricht) an der Musikschule.<\/p>\n\n\n\n<p class=\"has-text-align-center\">Seit nunmehr \u00fcber 20 Jahren bin ich nun als S\u00e4ngerin auf der B\u00fchne zu Hause; In eigenen aber auch in Projekten anderer Bands\/Musiker. Ich beschalle mit einer ausdrucksstarken Stimme zu unterschiedlichsten Anl\u00e4ssen das breite Publikum.<\/p>\n\n\n\n<p class=\"has-text-align-center\">Auf Eurer Hochzeit, Geburtstagsfete oder Firmenjubil\u00e4um, zur Vereinsparty, Klassentreffen oder Weihnachtsfeier, Stadtfest, Karneval- oder Kirmesveranstaltung usw.; f\u00fcr Jung und Alt habe ich das passende Repertoire in petto.<\/p>\n<\/div>\n<\/div>\n<\/div>\n\n\n\n<div class=\"wp-block-group is-vertical is-content-justification-center is-layout-flex wp-container-core-group-is-layout-5 wp-block-group-is-layout-flex\">\n<div class=\"wp-block-group is-nowrap is-layout-flex wp-container-core-group-is-layout-4 wp-block-group-is-layout-flex\">\n<p>Hier k\u00f6nnt Ihr mich erleben:<\/p>\n\n\n\n<ul class=\"wp-block-list\">\n<li>Im Duo mit Thomas (<a href=\"http:\/\/www.musicdance.info\">www.musicdance.info<\/a>)<\/li>\n\n\n\n<li>Mit der Liveband NICE (<a href=\"http:\/\/www.nice.band\">www.nice.band<\/a>)<\/li>\n<\/ul>\n<\/div>\n<\/div>\n\n\n\n<p><\/p>\n\n\n\n<p class=\"has-text-align-center\" style=\"font-size:30px\"><strong>Ich freue mich auf Deine Anfrage!<\/strong><\/p>\n\n\n\n<p><\/p>\n\n\n\n<figure class=\"wp-block-gallery aligncenter has-nested-images columns-default is-cropped wp-block-gallery-1 is-layout-flex wp-block-gallery-is-layout-flex\"><\/figure>\n\n\n\n<p><\/p>\n\n\n\n<div class=\"wp-block-group is-vertical is-content-justification-center is-layout-flex wp-container-core-group-is-layout-6 wp-block-group-is-layout-flex\">\n<h2 class=\"wp-block-heading\">Kontakt<\/h2>\n\n\n\n<p>info@melanie-vocals.de<\/p>\n\n\n\n<p>01522 \/ 850 2806<\/p>\n<\/div>\n\n\n\n<p><\/p>\n","protected":false},"excerpt":{"rendered":"<p>Du suchst DIE Band oder S\u00e4ngerin f\u00fcr Dein Event? Dann k\u00f6nntest Du hier f\u00fcndig werden! \u00dcber mich: In den wilden 80ern wurde ich in Th\u00fcringen geboren und bin heute wohnhaft bei Dresden. Ab dem 7. Lebensjahr wurde ich 10 Jahre lang im Fach Klavier (erst Klassik\/sp\u00e4ter Rock-Pop) ausgebildet. Als Teenager erkannte ich mein stimmliches Talent <a href=\"https:\/\/melanie-vocals.de\/\" class=\"more-link\">&#8230;<span class=\"screen-reader-text\">  HOME<\/span><\/a><\/p>\n","protected":false},"author":1,"featured_media":0,"parent":0,"menu_order":0,"comment_status":"closed","ping_status":"open","template":"","meta":{"podcast_url":"","podcast_explicit":"","podcast_captioned":false,"podcast_duration":"","podcast_filesize":0,"podcast_mime":"","enclosure":"","podcast_season_number":"","podcast_episode_number":"","podcast_episode_type":"","footnotes":""},"class_list":["post-2","page","type-page","status-publish","hentry"],"_links":{"self":[{"href":"https:\/\/melanie-vocals.de\/index.php?rest_route=\/wp\/v2\/pages\/2"}],"collection":[{"href":"https:\/\/melanie-vocals.de\/index.php?rest_route=\/wp\/v2\/pages"}],"about":[{"href":"https:\/\/melanie-vocals.de\/index.php?rest_route=\/wp\/v2\/types\/page"}],"author":[{"embeddable":true,"href":"https:\/\/melanie-vocals.de\/index.php?rest_route=\/wp\/v2\/users\/1"}],"replies":[{"embeddable":true,"href":"https:\/\/melanie-vocals.de\/index.php?rest_route=%2Fwp%2Fv2%2Fcomments&post=2"}],"version-history":[{"count":49,"href":"https:\/\/melanie-vocals.de\/index.php?rest_route=\/wp\/v2\/pages\/2\/revisions"}],"predecessor-version":[{"id":162,"href":"https:\/\/melanie-vocals.de\/index.php?rest_route=\/wp\/v2\/pages\/2\/revisions\/162"}],"wp:attachment":[{"href":"https:\/\/melanie-vocals.de\/index.php?rest_route=%2Fwp%2Fv2%2Fmedia&parent=2"}],"curies":[{"name":"wp","href":"https:\/\/api.w.org\/{rel}","templated":true}]}}